{"id":333,"date":"2024-01-14T14:26:56","date_gmt":"2024-01-14T13:26:56","guid":{"rendered":"https:\/\/labalancelle.yo.fr\/vitrine\/?page_id=333"},"modified":"2026-02-27T09:19:40","modified_gmt":"2026-02-27T08:19:40","slug":"processus-inscription","status":"publish","type":"page","link":"https:\/\/labalancelle.yo.fr\/vitrine\/processus-inscription\/","title":{"rendered":"Processus d&#8217;inscription"},"content":{"rendered":"<p>[et_pb_section fb_built=&#8221;1&#8243; custom_padding_last_edited=&#8221;on|phone&#8221; next_background_color=&#8221;#ffffff&#8221; module_id=&#8221;JEE&#8221; _builder_version=&#8221;4.23.4&#8243; _module_preset=&#8221;default&#8221; background_color=&#8221;#F6BD60&#8243; background_image=&#8221;https:\/\/labalancelle.yo.fr\/vitrine\/wp-content\/uploads\/2024\/01\/day_care_bg_02.png&#8221; custom_padding=&#8221;50px|50px|50px|50px|false|false&#8221; custom_padding_tablet=&#8221;50px|50px|50px|50px|false|false&#8221; custom_padding_phone=&#8221;||||true&#8221; bottom_divider_style=&#8221;waves2&#8243; bottom_divider_height=&#8221;44px&#8221; bottom_divider_repeat=&#8221;1x&#8221; animation_style=&#8221;flip&#8221; locked=&#8221;off&#8221; global_colors_info=&#8221;{}&#8221;][et_pb_row _builder_version=&#8221;4.23.4&#8243; _module_preset=&#8221;default&#8221; global_colors_info=&#8221;{}&#8221;][et_pb_column type=&#8221;4_4&#8243; _builder_version=&#8221;4.23.4&#8243; _module_preset=&#8221;default&#8221; global_colors_info=&#8221;{}&#8221;][et_pb_text _builder_version=&#8221;4.25.2&#8243; _module_preset=&#8221;0bb8e0f0-ee66-4291-8fe1-897ed3e3607d&#8221; header_font=&#8221;Fredoka One||||||||&#8221; header_font_size=&#8221;60px&#8221; global_colors_info=&#8221;{}&#8221;]<\/p>\n<h1>Processus d&#8217;inscription<\/h1>\n<p>[\/et_pb_text][\/et_pb_column][\/et_pb_row][\/et_pb_section][et_pb_section fb_built=&#8221;1&#8243; custom_padding_last_edited=&#8221;on|phone&#8221; admin_label=&#8221;Curriculum&#8221; _builder_version=&#8221;4.24.2&#8243; custom_padding=&#8221;50px|50px|50px|50px|false|false&#8221; custom_padding_tablet=&#8221;50px|50px|50px|50px|false|false&#8221; custom_padding_phone=&#8221;|10px||10px|true|false&#8221; custom_width_px__hover=&#8221;1080px&#8221; custom_width_px__hover_enabled=&#8221;1080px&#8221; custom_width_percent__hover=&#8221;80%&#8221; custom_width_percent__hover_enabled=&#8221;80%&#8221; global_colors_info=&#8221;{}&#8221; gutter_width__hover=&#8221;3&#8243; gutter_width__hover_enabled=&#8221;3&#8243; parallax_1__hover=&#8221;off&#8221; parallax_1__hover_enabled=&#8221;off&#8221; parallax_2__hover=&#8221;off&#8221; parallax_2__hover_enabled=&#8221;off&#8221; parallax_3__hover=&#8221;off&#8221; parallax_3__hover_enabled=&#8221;off&#8221; parallax_method_1__hover=&#8221;on&#8221; parallax_method_1__hover_enabled=&#8221;on&#8221; parallax_method_2__hover=&#8221;on&#8221; parallax_method_2__hover_enabled=&#8221;on&#8221; parallax_method_3__hover=&#8221;on&#8221; parallax_method_3__hover_enabled=&#8221;on&#8221; use_background_color_gradient__hover=&#8221;off&#8221; use_background_color_gradient__hover_enabled=&#8221;off&#8221; background_color_gradient_start__hover=&#8221;#2b87da&#8221; background_color_gradient_start__hover_enabled=&#8221;#2b87da&#8221; background_color_gradient_end__hover=&#8221;#29c4a9&#8243; background_color_gradient_end__hover_enabled=&#8221;#29c4a9&#8243; background_color_gradient_type__hover=&#8221;linear&#8221; background_color_gradient_type__hover_enabled=&#8221;linear&#8221; background_color_gradient_direction_radial__hover=&#8221;center&#8221; background_color_gradient_direction_radial__hover_enabled=&#8221;center&#8221; background_color_gradient_start_position__hover=&#8221;0%&#8221; background_color_gradient_start_position__hover_enabled=&#8221;0%&#8221; background_color_gradient_end_position__hover=&#8221;100%&#8221; background_color_gradient_end_position__hover_enabled=&#8221;100%&#8221; background_color_gradient_direction__hover=&#8221;180deg&#8221; background_color_gradient_direction__hover_enabled=&#8221;180deg&#8221; background_color_gradient_overlays_image__hover=&#8221;off&#8221; background_color_gradient_overlays_image__hover_enabled=&#8221;off&#8221; parallax__hover=&#8221;off&#8221; parallax__hover_enabled=&#8221;off&#8221; parallax_method__hover=&#8221;on&#8221; parallax_method__hover_enabled=&#8221;on&#8221; background_size__hover=&#8221;cover&#8221; background_size__hover_enabled=&#8221;cover&#8221; background_position__hover=&#8221;center&#8221; background_position__hover_enabled=&#8221;center&#8221; background_repeat__hover=&#8221;no-repeat&#8221; background_repeat__hover_enabled=&#8221;no-repeat&#8221; background_blend__hover=&#8221;normal&#8221; background_blend__hover_enabled=&#8221;normal&#8221; allow_player_pause__hover=&#8221;off&#8221; allow_player_pause__hover_enabled=&#8221;off&#8221; background_video_pause_outside_viewport__hover=&#8221;on&#8221; background_video_pause_outside_viewport__hover_enabled=&#8221;on&#8221; inner_shadow__hover=&#8221;off&#8221; inner_shadow__hover_enabled=&#8221;off&#8221; make_fullwidth__hover=&#8221;off&#8221; make_fullwidth__hover_enabled=&#8221;off&#8221; use_custom_width__hover=&#8221;off&#8221; use_custom_width__hover_enabled=&#8221;off&#8221; width_unit__hover=&#8221;on&#8221; width_unit__hover_enabled=&#8221;on&#8221; make_equal__hover=&#8221;off&#8221; make_equal__hover_enabled=&#8221;off&#8221; use_custom_gutter__hover=&#8221;off&#8221; use_custom_gutter__hover_enabled=&#8221;off&#8221; border_radii__hover=&#8221;on||||&#8221; border_radii__hover_enabled=&#8221;on||||&#8221; box_shadow_style__hover=&#8221;none&#8221; box_shadow_style__hover_enabled=&#8221;none&#8221; box_shadow_color__hover=&#8221;rgba(0,0,0,0.3)&#8221; box_shadow_color__hover_enabled=&#8221;rgba(0,0,0,0.3)&#8221; max_width__hover=&#8221;100%&#8221; max_width__hover_enabled=&#8221;100%&#8221; filter_hue_rotate__hover=&#8221;0deg&#8221; filter_hue_rotate__hover_enabled=&#8221;0deg&#8221; filter_saturate__hover=&#8221;100%&#8221; filter_saturate__hover_enabled=&#8221;100%&#8221; filter_brightness__hover=&#8221;100%&#8221; filter_brightness__hover_enabled=&#8221;100%&#8221; filter_contrast__hover=&#8221;100%&#8221; filter_contrast__hover_enabled=&#8221;100%&#8221; filter_invert__hover=&#8221;0%&#8221; filter_invert__hover_enabled=&#8221;0%&#8221; filter_sepia__hover=&#8221;0%&#8221; filter_sepia__hover_enabled=&#8221;0%&#8221; filter_opacity__hover=&#8221;100%&#8221; filter_opacity__hover_enabled=&#8221;100%&#8221; filter_blur__hover=&#8221;0px&#8221; filter_blur__hover_enabled=&#8221;0px&#8221; mix_blend_mode__hover=&#8221;normal&#8221; mix_blend_mode__hover_enabled=&#8221;normal&#8221; animation_style__hover=&#8221;none&#8221; animation_style__hover_enabled=&#8221;none&#8221; animation_repeat__hover=&#8221;once&#8221; animation_repeat__hover_enabled=&#8221;once&#8221; animation_direction__hover=&#8221;center&#8221; animation_direction__hover_enabled=&#8221;center&#8221; animation_duration__hover=&#8221;1000ms&#8221; animation_duration__hover_enabled=&#8221;1000ms&#8221; animation_delay__hover=&#8221;0ms&#8221; animation_delay__hover_enabled=&#8221;0ms&#8221; animation_intensity_slide__hover=&#8221;50%&#8221; animation_intensity_slide__hover_enabled=&#8221;50%&#8221; animation_intensity_zoom__hover=&#8221;50%&#8221; animation_intensity_zoom__hover_enabled=&#8221;50%&#8221; animation_intensity_flip__hover=&#8221;50%&#8221; animation_intensity_flip__hover_enabled=&#8221;50%&#8221; animation_intensity_fold__hover=&#8221;50%&#8221; animation_intensity_fold__hover_enabled=&#8221;50%&#8221; animation_intensity_roll__hover=&#8221;50%&#8221; animation_intensity_roll__hover_enabled=&#8221;50%&#8221; animation_starting_opacity__hover=&#8221;0%&#8221; animation_starting_opacity__hover_enabled=&#8221;0%&#8221; animation_speed_curve__hover=&#8221;ease-in-out&#8221; animation_speed_curve__hover_enabled=&#8221;ease-in-out&#8221; hover_transition_duration__hover=&#8221;300ms&#8221; hover_transition_duration__hover_enabled=&#8221;300ms&#8221; hover_transition_delay__hover=&#8221;0ms&#8221; hover_transition_delay__hover_enabled=&#8221;0ms&#8221; hover_transition_speed_curve__hover=&#8221;ease&#8221; hover_transition_speed_curve__hover_enabled=&#8221;ease&#8221; background_color_gradient_stops__hover=&#8221;#2b87da 0%|#29c4a9 100%&#8221;][et_pb_row _builder_version=&#8221;4.23.4&#8243; _module_preset=&#8221;default&#8221; global_colors_info=&#8221;{}&#8221;][et_pb_column type=&#8221;4_4&#8243; _builder_version=&#8221;4.23.4&#8243; _module_preset=&#8221;default&#8221; global_colors_info=&#8221;{}&#8221;][et_pb_text _builder_version=&#8221;4.23.4&#8243; _module_preset=&#8221;f34d35bc-db82-4bc1-aba0-a5aaabb0ee8d&#8221; header_font_size=&#8221;19px&#8221; header_2_font_size=&#8221;43px&#8221; animation_style=&#8221;fade&#8221; global_colors_info=&#8221;{}&#8221;]<\/p>\n<h2>Inscription pour un accueil r\u00e9gulier \u00e0 partir de septembre<\/h2>\n<p>[\/et_pb_text][\/et_pb_column][\/et_pb_row][et_pb_row column_structure=&#8221;1_3,2_3&#8243; _builder_version=&#8221;4.16&#8243; locked=&#8221;off&#8221; global_colors_info=&#8221;{}&#8221;][et_pb_column type=&#8221;1_3&#8243; _builder_version=&#8221;4.16&#8243; custom_padding=&#8221;|||&#8221; global_colors_info=&#8221;{}&#8221; custom_padding__hover=&#8221;|||&#8221;][et_pb_blurb title=&#8221;Premi\u00e8re rencontre&#8221; use_icon=&#8221;on&#8221; font_icon=&#8221;&#xf2b5;||fa||400&#8243; icon_color=&#8221;#ffffff&#8221; image_icon_background_color=&#8221;#94BA9A&#8221; image_icon_width=&#8221;48px&#8221; _builder_version=&#8221;4.25.2&#8243; header_level=&#8221;h3&#8243; header_font=&#8221;Fredoka One||||||||&#8221; header_font_size=&#8221;22px&#8221; header_line_height=&#8221;1.8em&#8221; body_font=&#8221;||||||||&#8221; body_line_height=&#8221;2em&#8221; image_icon_custom_padding=&#8221;25px|25px|25px|25px|false|false&#8221; text_orientation=&#8221;center&#8221; animation_style=&#8221;slide&#8221; animation_direction=&#8221;bottom&#8221; animation_intensity_slide=&#8221;2%&#8221; animation=&#8221;off&#8221; link_option_url=&#8221;#&#8221; body_font_size_phone=&#8221;14px&#8221; body_font_size_last_edited=&#8221;off|desktop&#8221; border_radii_image=&#8221;on|100%|100%|100%|100%&#8221; use_circle=&#8221;on&#8221; circle_color=&#8221;#5d58ef&#8221; locked=&#8221;off&#8221; global_colors_info=&#8221;{}&#8221; box_shadow_color__hover_enabled=&#8221;rgba(0,0,0,0.3)&#8221; box_shadow_color__hover=&#8221;rgba(0,0,0,0.3)&#8221; box_shadow_style__hover=&#8221;none&#8221; box_shadow_style__hover_enabled=&#8221;none&#8221; image_icon_background_color__sticky_enabled=&#8221;#7EBEC5&#8243; image_icon_background_color__sticky=&#8221;#7EBEC5&#8243;][\/et_pb_blurb][\/et_pb_column][et_pb_column type=&#8221;2_3&#8243; _builder_version=&#8221;4.16&#8243; custom_padding=&#8221;|||&#8221; global_colors_info=&#8221;{}&#8221; custom_padding__hover=&#8221;|||&#8221;][et_pb_text _builder_version=&#8221;4.24.2&#8243; _module_preset=&#8221;a323b400-5fdb-41d1-acb7-3a483cc2d24f&#8221; text_font_size=&#8221;16px&#8221; text_line_height=&#8221;2em&#8221; header_6_font=&#8221;||||||||&#8221; max_width=&#8221;805px&#8221; module_alignment=&#8221;left&#8221; animation_style=&#8221;fade&#8221; locked=&#8221;off&#8221; global_colors_info=&#8221;{}&#8221;]<\/p>\n<p>Une <strong>r\u00e9union d&#8217;information g\u00e9n\u00e9rale<\/strong> est propos\u00e9e en <strong>mars<\/strong> (une r\u00e9union pour chaque type d&#8217;accueil). Un <strong>premier accueil<\/strong> est ensuite pr\u00e9vu avec la directrice de la Ruche.<br \/>Lors de cette premi\u00e8re rencontre, un dossier administratif est r\u00e9alis\u00e9 et le fonctionnement g\u00e9n\u00e9ral de la structure d\u2019accueil est expliqu\u00e9. La directrice fait visiter les locaux de la structure d\u00e9sir\u00e9e. Elle informe sur l\u2019accueil dans les diff\u00e9rents services , les permanences, les commissions, les r\u00e9unions\u2026<\/p>\n<p>[\/et_pb_text][\/et_pb_column][\/et_pb_row][et_pb_row column_structure=&#8221;1_3,2_3&#8243; _builder_version=&#8221;4.16&#8243; locked=&#8221;off&#8221; global_colors_info=&#8221;{}&#8221;][et_pb_column type=&#8221;1_3&#8243; _builder_version=&#8221;4.16&#8243; custom_padding=&#8221;|||&#8221; global_colors_info=&#8221;{}&#8221; custom_padding__hover=&#8221;|||&#8221;][et_pb_blurb title=&#8221;Dossier administratif&#8221; use_icon=&#8221;on&#8221; font_icon=&#8221;&#xe104;||divi||400&#8243; icon_color=&#8221;#ffffff&#8221; image_icon_background_color=&#8221;#F28482&#8243; image_icon_width=&#8221;48px&#8221; _builder_version=&#8221;4.25.2&#8243; header_level=&#8221;h3&#8243; header_font=&#8221;Fredoka One||||||||&#8221; header_font_size=&#8221;22px&#8221; header_line_height=&#8221;1.8em&#8221; body_font=&#8221;||||||||&#8221; body_line_height=&#8221;2em&#8221; image_icon_custom_padding=&#8221;25px|25px|25px|25px|false|false&#8221; text_orientation=&#8221;center&#8221; animation_style=&#8221;slide&#8221; animation_direction=&#8221;bottom&#8221; animation_intensity_slide=&#8221;2%&#8221; animation=&#8221;off&#8221; link_option_url=&#8221;#&#8221; body_font_size_phone=&#8221;14px&#8221; body_font_size_last_edited=&#8221;off|desktop&#8221; border_radii_image=&#8221;on|100%|100%|100%|100%&#8221; use_circle=&#8221;on&#8221; circle_color=&#8221;#ff236c&#8221; locked=&#8221;off&#8221; global_colors_info=&#8221;{}&#8221; box_shadow_color__hover_enabled=&#8221;rgba(0,0,0,0.3)&#8221; box_shadow_color__hover=&#8221;rgba(0,0,0,0.3)&#8221; box_shadow_style__hover=&#8221;none&#8221; box_shadow_style__hover_enabled=&#8221;none&#8221; image_icon_background_color__sticky_enabled=&#8221;#7EBEC5&#8243; image_icon_background_color__sticky=&#8221;#7EBEC5&#8243;][\/et_pb_blurb][\/et_pb_column][et_pb_column type=&#8221;2_3&#8243; _builder_version=&#8221;4.16&#8243; custom_padding=&#8221;|||&#8221; global_colors_info=&#8221;{}&#8221; custom_padding__hover=&#8221;|||&#8221;][et_pb_text _builder_version=&#8221;4.24.0&#8243; _module_preset=&#8221;a323b400-5fdb-41d1-acb7-3a483cc2d24f&#8221; text_font_size=&#8221;16px&#8221; text_line_height=&#8221;2em&#8221; header_6_font=&#8221;||||||||&#8221; module_alignment=&#8221;left&#8221; animation_style=&#8221;fade&#8221; locked=&#8221;off&#8221; global_colors_info=&#8221;{}&#8221;]<\/p>\n<p>Le <strong>d\u00e9p\u00f4t du dossier<\/strong> de demande de place est \u00e0 remettre avant<strong> fin mars<\/strong>.<\/p>\n<p><span style=\"font-weight: 400;\">La <strong>commission<\/strong> d&#8217;attribution se d\u00e9roule <strong>mi-avril, <\/strong>\u00e0 la suite de laquelle vous recevez une r\u00e9ponse concernant une entr\u00e9e en septembre, avec jours de garde (horaires pr\u00e9cis \u00e0 d\u00e9finir lors de l&#8217;\u00e9tablissement du contrat).<\/span><\/p>\n<p><span style=\"font-weight: 400;\"><\/span><\/p>\n<p><span style=\"font-weight: 400;\">En cas d&#8217;acceptation par les deux partis, le <strong>contrat d&#8217;accueil<\/strong> est finalement r\u00e9dig\u00e9 et sign\u00e9 en <strong>juillet<\/strong> avec l&#8217;assistante de direction<span style=\"font-size: 16px;\">. <\/span><\/span><\/p>\n<p>[\/et_pb_text][\/et_pb_column][\/et_pb_row][et_pb_row column_structure=&#8221;1_3,2_3&#8243; _builder_version=&#8221;4.16&#8243; locked=&#8221;off&#8221; global_colors_info=&#8221;{}&#8221;][et_pb_column type=&#8221;1_3&#8243; _builder_version=&#8221;4.16&#8243; custom_padding=&#8221;|||&#8221; global_colors_info=&#8221;{}&#8221; custom_padding__hover=&#8221;|||&#8221;][et_pb_blurb title=&#8221;Adaptation de l&#8217;enfant&#8221; use_icon=&#8221;on&#8221; font_icon=&#8221;&#xe02d;||divi||400&#8243; icon_color=&#8221;#ffffff&#8221; image_icon_background_color=&#8221;#F6BD60&#8243; image_icon_width=&#8221;48px&#8221; _builder_version=&#8221;4.25.2&#8243; header_level=&#8221;h3&#8243; header_font=&#8221;Fredoka One||||||||&#8221; header_font_size=&#8221;22px&#8221; header_line_height=&#8221;1.8em&#8221; body_font=&#8221;||||||||&#8221; body_line_height=&#8221;2em&#8221; image_icon_custom_padding=&#8221;25px|25px|25px|25px|false|false&#8221; text_orientation=&#8221;center&#8221; animation_style=&#8221;slide&#8221; animation_direction=&#8221;bottom&#8221; animation_intensity_slide=&#8221;2%&#8221; animation=&#8221;off&#8221; link_option_url=&#8221;#&#8221; body_font_size_phone=&#8221;14px&#8221; body_font_size_last_edited=&#8221;off|desktop&#8221; border_radii_image=&#8221;on|100%|100%|100%|100%&#8221; use_circle=&#8221;on&#8221; circle_color=&#8221;#ffc259&#8243; locked=&#8221;off&#8221; global_colors_info=&#8221;{}&#8221; box_shadow_color__hover_enabled=&#8221;rgba(0,0,0,0.3)&#8221; box_shadow_color__hover=&#8221;rgba(0,0,0,0.3)&#8221; box_shadow_style__hover=&#8221;none&#8221; box_shadow_style__hover_enabled=&#8221;none&#8221; image_icon_background_color__sticky_enabled=&#8221;#7EBEC5&#8243; image_icon_background_color__sticky=&#8221;#7EBEC5&#8243;][\/et_pb_blurb][\/et_pb_column][et_pb_column type=&#8221;2_3&#8243; _builder_version=&#8221;4.16&#8243; custom_padding=&#8221;|||&#8221; global_colors_info=&#8221;{}&#8221; custom_padding__hover=&#8221;|||&#8221;][et_pb_text _builder_version=&#8221;4.24.2&#8243; _module_preset=&#8221;a323b400-5fdb-41d1-acb7-3a483cc2d24f&#8221; text_font_size=&#8221;16px&#8221; text_line_height=&#8221;2em&#8221; header_6_font=&#8221;||||||||&#8221; module_alignment=&#8221;left&#8221; animation_style=&#8221;fade&#8221; locked=&#8221;off&#8221; global_colors_info=&#8221;{}&#8221;]Un <strong>calendrier d\u2019adaptation<\/strong> de l\u2019enfant est \u00e9tabli en pr\u00e9sence de son\/sa r\u00e9f\u00e9rent.e qui est un rep\u00e8re et assure le suivi des \u00ab fiches doudou \u00bb.<br \/>\nLa \u00ab<strong> fiche doudou<\/strong> \u00bb est remplie par le parent, en lien avec son\/sa r\u00e9f\u00e9rent.e. Cette fiche sp\u00e9cifie les habitudes de l&#8217;enfant, ses particularit\u00e9s, ses habitudes alimentaires, ses rythmes de sommeil et d&#8217;alimentation et est modifi\u00e9e chaque fois que n\u00e9cessaire. Elle permet de faire le lien du suivi de l\u2019enfant entre professionnel.le.s. La fiche doudou constitue la premi\u00e8re page du cahier de rythme.<br \/>\n<strong>L\u2019adaptation progressive permet aux parents, professionnel.le.s et enfants d\u2019apprendre \u00e0 se conna\u00eetre.<\/strong><br \/>\n<em>Des temps progressifs de s\u00e9paration sont propos\u00e9s au rythme de l&#8217;enfant et de ses parents :\u00a0 un \u00bc d\u2019heure, 30 minutes, 1 heure, 2 heures, une demie journ\u00e9e&#8230;\u00a0<\/em>[\/et_pb_text][\/et_pb_column][\/et_pb_row][et_pb_row column_structure=&#8221;1_3,2_3&#8243; _builder_version=&#8221;4.16&#8243; locked=&#8221;off&#8221; global_colors_info=&#8221;{}&#8221;][et_pb_column type=&#8221;1_3&#8243; _builder_version=&#8221;4.16&#8243; custom_padding=&#8221;|||&#8221; global_colors_info=&#8221;{}&#8221; custom_padding__hover=&#8221;|||&#8221;][et_pb_blurb title=&#8221;Accueil r\u00e9gulier&#8221; use_icon=&#8221;on&#8221; font_icon=&#8221;&#xf582;||fa||400&#8243; icon_color=&#8221;#ffffff&#8221; image_icon_background_color=&#8221;#FF7F59&#8243; image_icon_width=&#8221;44px&#8221; _builder_version=&#8221;4.25.2&#8243; header_level=&#8221;h3&#8243; header_font=&#8221;Fredoka One||||||||&#8221; header_font_size=&#8221;22px&#8221; header_line_height=&#8221;1.8em&#8221; body_font=&#8221;||||||||&#8221; body_line_height=&#8221;2em&#8221; image_icon_custom_padding=&#8221;25px|25px|25px|25px|false|false&#8221; text_orientation=&#8221;center&#8221; animation_style=&#8221;slide&#8221; animation_direction=&#8221;bottom&#8221; animation_intensity_slide=&#8221;2%&#8221; animation=&#8221;off&#8221; link_option_url=&#8221;#&#8221; body_font_size_phone=&#8221;14px&#8221; body_font_size_last_edited=&#8221;off|desktop&#8221; border_radii_image=&#8221;on|100%|100%|100%|100%&#8221; use_circle=&#8221;on&#8221; circle_color=&#8221;#ff7f59&#8243; locked=&#8221;off&#8221; global_colors_info=&#8221;{}&#8221; box_shadow_color__hover_enabled=&#8221;rgba(0,0,0,0.3)&#8221; box_shadow_color__hover=&#8221;rgba(0,0,0,0.3)&#8221; box_shadow_style__hover=&#8221;none&#8221; box_shadow_style__hover_enabled=&#8221;none&#8221; image_icon_background_color__sticky_enabled=&#8221;#7EBEC5&#8243; image_icon_background_color__sticky=&#8221;#7EBEC5&#8243;][\/et_pb_blurb][\/et_pb_column][et_pb_column type=&#8221;2_3&#8243; _builder_version=&#8221;4.16&#8243; custom_padding=&#8221;|||&#8221; global_colors_info=&#8221;{}&#8221; custom_padding__hover=&#8221;|||&#8221;][et_pb_text _builder_version=&#8221;4.24.2&#8243; _module_preset=&#8221;a323b400-5fdb-41d1-acb7-3a483cc2d24f&#8221; text_font_size=&#8221;16px&#8221; text_line_height=&#8221;2em&#8221; header_6_font=&#8221;||||||||&#8221; module_alignment=&#8221;left&#8221; animation_style=&#8221;fade&#8221; locked=&#8221;off&#8221; global_colors_info=&#8221;{}&#8221;]<\/p>\n<p>Une permanence peut \u00eatre propos\u00e9e, pour que l&#8217;enfant vive une demi- journ\u00e9e \u00e0 la cr\u00e8che avec son parent.<br \/>Une fois<strong> l\u2019adaptation finie<\/strong>, l\u2019enfant peut \u00eatre inscrit au gr\u00e9 des besoins, et des places disponibles tout en conservant son\/sa r\u00e9f\u00e9rent.e sur l&#8217;ann\u00e9e.<\/p>\n<p><em>En cas d\u2019urgence, le temps d\u2019adaptation peut \u00eatre extr\u00eamement r\u00e9duit et l\u2019enfant accueilli imm\u00e9diatement.<\/em><\/p>\n<p>[\/et_pb_text][\/et_pb_column][\/et_pb_row][\/et_pb_section][et_pb_section fb_built=&#8221;1&#8243; custom_padding_last_edited=&#8221;on|phone&#8221; admin_label=&#8221;securite&#8221; _builder_version=&#8221;4.24.2&#8243; _module_preset=&#8221;default&#8221; background_color=&#8221;#84A59D&#8221; background_image=&#8221;https:\/\/labalancelle.yo.fr\/vitrine\/wp-content\/uploads\/2024\/01\/day_care_bg_01.png&#8221; max_width=&#8221;80%&#8221; module_alignment=&#8221;center&#8221; custom_margin=&#8221;||30px||false|false&#8221; custom_padding=&#8221;50px|50px|50px|50px|false|false&#8221; custom_padding_tablet=&#8221;50px|50px|50px|50px|false|false&#8221; custom_padding_phone=&#8221;10px|30px|10px|30px|true|false&#8221; animation_style=&#8221;flip&#8221; border_radii=&#8221;on|100px|100px|100px|100px&#8221; box_shadow_style=&#8221;preset1&#8243; locked=&#8221;off&#8221; global_colors_info=&#8221;{}&#8221;][et_pb_row column_structure=&#8221;1_2,1_2&#8243; _builder_version=&#8221;4.23.4&#8243; _module_preset=&#8221;default&#8221; background_color=&#8221;RGBA(255,255,255,0)&#8221; background_enable_image=&#8221;off&#8221; width=&#8221;100%&#8221; max_width=&#8221;2488px&#8221; module_alignment=&#8221;center&#8221; custom_margin=&#8221;||||false|false&#8221; custom_padding=&#8221;||||false|false&#8221; global_colors_info=&#8221;{}&#8221;][et_pb_column type=&#8221;1_2&#8243; _builder_version=&#8221;4.23.4&#8243; _module_preset=&#8221;default&#8221; global_colors_info=&#8221;{}&#8221;][et_pb_text _builder_version=&#8221;4.23.4&#8243; _module_preset=&#8221;default&#8221; custom_margin=&#8221;45px||||false|false&#8221; custom_css_main_element=&#8221;margin:auto;&#8221; global_colors_info=&#8221;{}&#8221;]<\/p>\n<h2>Inscription en cours d&#8217;ann\u00e9e et accueil occasionnel<\/h2>\n<p>[\/et_pb_text][\/et_pb_column][et_pb_column type=&#8221;1_2&#8243; _builder_version=&#8221;4.23.4&#8243; _module_preset=&#8221;default&#8221; global_colors_info=&#8221;{}&#8221;][et_pb_text _builder_version=&#8221;4.23.4&#8243; _module_preset=&#8221;2bc47c26-3bd6-42f8-b782-2cd7f5f5a064&#8243; max_width=&#8221;1025px&#8221; custom_padding=&#8221;|0px||||&#8221; locked=&#8221;off&#8221; global_colors_info=&#8221;{}&#8221;]<\/p>\n<p style=\"text-align: justify;\"><span style=\"font-weight: 400;\">L&#8217;inscription en cours d&#8217;ann\u00e9e est possible en cas de besoin, et ce jusqu&#8217;en avril.\u00a0<\/span><\/p>\n<p style=\"text-align: justify;\"><span style=\"font-weight: 400;\">L&#8217;accueil se fera suivant les places restantes. En g\u00e9n\u00e9ral, les places \u00e9tant toutes attribu\u00e9es, il s&#8217;agira plut\u00f4t d&#8217;un accueil occasionnel. Celui ci est possible en fonction du remplissage des structures. Il est changeant d&#8217;une semaine \u00e0 l&#8217;autre.\u00a0<\/span><\/p>\n<p style=\"text-align: justify;\"><span style=\"font-weight: 400;\">L&#8217;inscription d&#8217;un enfant se fait le mardi pour la semaine suivante, par mail ou t\u00e9l\u00e9phone, ce qui permet \u00e0 l&#8217;assistante de direction de combler les places vacantes suivant les demandes.<\/span><\/p>\n<p>[\/et_pb_text][\/et_pb_column][\/et_pb_row][\/et_pb_section][et_pb_section fb_built=&#8221;1&#8243; custom_padding_last_edited=&#8221;on|phone&#8221; admin_label=&#8221;Programs&#8221; _builder_version=&#8221;4.16&#8243; parallax=&#8221;on&#8221; module_alignment=&#8221;right&#8221; custom_padding=&#8221;50px|50px|50px|50px|false|false&#8221; custom_padding_tablet=&#8221;50px|50px|50px|50px|false|false&#8221; custom_padding_phone=&#8221;||||true&#8221; top_divider_style=&#8221;waves&#8221; top_divider_color=&#8221;#ffffff&#8221; top_divider_height=&#8221;6vw&#8221; top_divider_repeat=&#8221;0.75x&#8221; top_divider_flip=&#8221;vertical&#8221; border_radii=&#8221;||||38px&#8221; box_shadow_style=&#8221;preset6&#8243; box_shadow_vertical=&#8221;100px&#8221; box_shadow_blur=&#8221;140px&#8221; box_shadow_spread=&#8221;-40px&#8221; box_shadow_color=&#8221;rgba(0,0,0,0.07)&#8221; global_colors_info=&#8221;{}&#8221;][et_pb_row _builder_version=&#8221;4.23.4&#8243; _module_preset=&#8221;default&#8221; global_colors_info=&#8221;{}&#8221;][et_pb_column type=&#8221;4_4&#8243; _builder_version=&#8221;4.23.4&#8243; _module_preset=&#8221;default&#8221; global_colors_info=&#8221;{}&#8221;][et_pb_text _builder_version=&#8221;4.23.4&#8243; _module_preset=&#8221;f34d35bc-db82-4bc1-aba0-a5aaabb0ee8d&#8221; header_font_size=&#8221;19px&#8221; header_2_font_size=&#8221;43px&#8221; global_colors_info=&#8221;{}&#8221;]<\/p>\n<h2>Quelques sp\u00e9cificit\u00e9s des contrats<\/h2>\n<p>[\/et_pb_text][\/et_pb_column][\/et_pb_row][et_pb_row column_structure=&#8221;1_4,1_4,1_4,1_4&#8243; _builder_version=&#8221;4.23.4&#8243; _module_preset=&#8221;default&#8221; global_colors_info=&#8221;{}&#8221;][et_pb_column type=&#8221;1_4&#8243; _builder_version=&#8221;4.23.4&#8243; _module_preset=&#8221;default&#8221; global_colors_info=&#8221;{}&#8221;][et_pb_icon font_icon=&#8221;&#xf0f2;||fa||900&#8243; icon_color=&#8221;#FFFFFF&#8221; icon_width=&#8221;50px&#8221; _builder_version=&#8221;4.23.4&#8243; _module_preset=&#8221;default&#8221; background_color=&#8221;#F28482&#8243; custom_margin=&#8221;||0px||false|false&#8221; custom_padding=&#8221;20px|20px|20px|20px|true|true&#8221; border_radii=&#8221;on|200px|200px|200px|200px&#8221; global_colors_info=&#8221;{}&#8221;][\/et_pb_icon][et_pb_text _builder_version=&#8221;4.23.4&#8243; _module_preset=&#8221;a323b400-5fdb-41d1-acb7-3a483cc2d24f&#8221; text_font_size=&#8221;14px&#8221; global_colors_info=&#8221;{}&#8221;]<\/p>\n<p>Durant les <strong>vacances scolaires<\/strong>, l&#8217;accueil des enfants peut changer du fait d&#8217;une organisation diff\u00e9rente des familles : les parents re\u00e7oivent un sondage de pr\u00e9sence des enfants environ 2 semaines avant les vacances, afin d&#8217;organiser les services.<\/p>\n<p>[\/et_pb_text][\/et_pb_column][et_pb_column type=&#8221;1_4&#8243; _builder_version=&#8221;4.23.4&#8243; _module_preset=&#8221;default&#8221; global_colors_info=&#8221;{}&#8221;][et_pb_icon font_icon=&#8221;&#xe0f3;||divi||400&#8243; icon_color=&#8221;#FFFFFF&#8221; icon_width=&#8221;50px&#8221; _builder_version=&#8221;4.23.4&#8243; _module_preset=&#8221;default&#8221; background_color=&#8221;#94BA9A&#8221; custom_margin=&#8221;||0px||false|false&#8221; custom_padding=&#8221;20px|20px|20px|20px|true|true&#8221; border_radii=&#8221;on|200px|200px|200px|200px&#8221; global_colors_info=&#8221;{}&#8221;][\/et_pb_icon][et_pb_text _builder_version=&#8221;4.23.4&#8243; _module_preset=&#8221;f34d35bc-db82-4bc1-aba0-a5aaabb0ee8d&#8221; global_colors_info=&#8221;{}&#8221;]<\/p>\n<p>Les<strong> absences pour convenance personnelle ne sont pas factur\u00e9es si annonc\u00e9es 48h avant<\/strong>. Lorsque vous modifiez le contrat moins de 48h \u00e0 l&#8217;avance, il vous faudra un certificat m\u00e9dical attestant de la contre-indication \u00e0 la vie en collectivit\u00e9 de l&#8217;enfant pour que les heures en moins ne vous soient pas factur\u00e9es.<\/p>\n<p>[\/et_pb_text][\/et_pb_column][et_pb_column type=&#8221;1_4&#8243; _builder_version=&#8221;4.23.4&#8243; _module_preset=&#8221;default&#8221; global_colors_info=&#8221;{}&#8221;][et_pb_icon font_icon=&#8221;&#xf1ae;||fa||900&#8243; icon_color=&#8221;#FFFFFF&#8221; icon_width=&#8221;50px&#8221; _builder_version=&#8221;4.23.4&#8243; _module_preset=&#8221;default&#8221; background_color=&#8221;#F6BD60&#8243; custom_margin=&#8221;||0px||false|false&#8221; custom_padding=&#8221;20px|25px|20px|25px|true|true&#8221; border_radii=&#8221;on|300px|300px|300px|300px&#8221; global_colors_info=&#8221;{}&#8221;][\/et_pb_icon][et_pb_text _builder_version=&#8221;4.23.4&#8243; _module_preset=&#8221;a323b400-5fdb-41d1-acb7-3a483cc2d24f&#8221; text_font_size=&#8221;14px&#8221; header_font_size=&#8221;14px&#8221; global_colors_info=&#8221;{}&#8221; header_letter_spacing__hover_enabled=&#8221;on|desktop&#8221;]<\/p>\n<p>Des contrats occasionnels sont possibles pour les enfants scolaris\u00e9s<strong> jusqu&#8217;\u00e0 6 ans<\/strong>, les mercredis et durant les vacances scolaires. Pour en b\u00e9n\u00e9ficier, il vous faudra \u00e9tablir un contrat occasionnel au nom de l&#8217;enfant dont il est question.<\/p>\n<p>[\/et_pb_text][\/et_pb_column][et_pb_column type=&#8221;1_4&#8243; _builder_version=&#8221;4.23.4&#8243; _module_preset=&#8221;default&#8221; global_colors_info=&#8221;{}&#8221;][et_pb_icon font_icon=&#8221;&#xf2f9;||fa||900&#8243; icon_color=&#8221;#FFFFFF&#8221; icon_width=&#8221;50px&#8221; _builder_version=&#8221;4.23.4&#8243; _module_preset=&#8221;default&#8221; background_color=&#8221;#FF7F59&#8243; custom_margin=&#8221;||0px||false|false&#8221; custom_padding=&#8221;20px|20px|20px|20px|true|true&#8221; border_radii=&#8221;on|200px|200px|200px|200px&#8221; global_colors_info=&#8221;{}&#8221;][\/et_pb_icon][et_pb_text _builder_version=&#8221;4.23.4&#8243; _module_preset=&#8221;a323b400-5fdb-41d1-acb7-3a483cc2d24f&#8221; text_font_size=&#8221;14px&#8221; global_colors_info=&#8221;{}&#8221;]<\/p>\n<p><span style=\"font-weight: 400;\">Pour les<strong> r\u00e9-inscriptions<\/strong> d&#8217;une ann\u00e9e \u00e0 l&#8217;autre, un sondage est envoy\u00e9 aux familles adh\u00e9rentes en f\u00e9vrier, afin d&#8217;anticiper l&#8217;ann\u00e9e suivante. Ce sondage est important car il permet de savoir combien de places attribuer aux nouvelles familles.<\/span><\/p>\n<p>[\/et_pb_text][\/et_pb_column][\/et_pb_row][\/et_pb_section]<\/p>\n","protected":false},"excerpt":{"rendered":"<p>Processus d&#8217;inscriptionInscription pour un accueil r\u00e9gulier \u00e0 partir de septembreUne r\u00e9union d&#8217;information g\u00e9n\u00e9rale est propos\u00e9e en mars (une r\u00e9union pour chaque type d&#8217;accueil). Un premier accueil est ensuite pr\u00e9vu avec la directrice de la Ruche.Lors de cette premi\u00e8re rencontre, un dossier administratif est r\u00e9alis\u00e9 et le fonctionnement g\u00e9n\u00e9ral de la structure d\u2019accueil est expliqu\u00e9. La directrice fait visiter les locaux de la structure d\u00e9sir\u00e9e. Elle informe sur l\u2019accueil dans les diff\u00e9rents services , les permanences, les commissions, les r\u00e9unions\u2026Le d\u00e9p\u00f4t du dossier de demande de place est \u00e0 remettre avant fin mars. La commission d&#8217;attribution se d\u00e9roule mi-avril, \u00e0 la suite de laquelle vous recevez une r\u00e9ponse concernant une entr\u00e9e en septembre, avec jours de garde (horaires pr\u00e9cis \u00e0 d\u00e9finir lors de l&#8217;\u00e9tablissement du contrat). En cas d&#8217;acceptation par les deux partis, le contrat d&#8217;accueil est finalement r\u00e9dig\u00e9 et sign\u00e9 en juillet avec l&#8217;assistante de direction. Un calendrier d\u2019adaptation de l\u2019enfant est \u00e9tabli en pr\u00e9sence de son\/sa r\u00e9f\u00e9rent.e qui est un rep\u00e8re et assure le suivi des \u00ab fiches doudou \u00bb. La \u00ab fiche doudou \u00bb est remplie par le parent, en lien avec son\/sa r\u00e9f\u00e9rent.e. Cette fiche sp\u00e9cifie les habitudes de l&#8217;enfant, ses particularit\u00e9s, ses habitudes alimentaires, ses rythmes [&hellip;]<\/p>\n","protected":false},"author":1,"featured_media":0,"parent":0,"menu_order":0,"comment_status":"closed","ping_status":"closed","template":"","meta":{"_et_pb_use_builder":"on","_et_pb_old_content":"","_et_gb_content_width":"","footnotes":""},"class_list":["post-333","page","type-page","status-publish","hentry"],"yoast_head":"<!-- This site is optimized with the Yoast SEO plugin v27.0 - https:\/\/yoast.com\/product\/yoast-seo-wordpress\/ -->\n<title>Processus d&#039;inscription - La Ruche, cr\u00e8che parentale associative<\/title>\n<meta name=\"description\" content=\"Tous savoir sur le processus d&#039;inscription permettant de rejoindre notre cr\u00e8che associative et parentale !\" \/>\n<meta name=\"robots\" content=\"index, follow, max-snippet:-1, max-image-preview:large, max-video-preview:-1\" \/>\n<link rel=\"canonical\" href=\"https:\/\/labalancelle.yo.fr\/vitrine\/processus-inscription\/\" \/>\n<meta property=\"og:locale\" content=\"en_US\" \/>\n<meta property=\"og:type\" content=\"article\" \/>\n<meta property=\"og:title\" content=\"Processus d&#039;inscription - La Ruche, cr\u00e8che parentale associative\" \/>\n<meta property=\"og:description\" content=\"Tous savoir sur le processus d&#039;inscription permettant de rejoindre notre cr\u00e8che associative et parentale !\" \/>\n<meta property=\"og:url\" content=\"https:\/\/labalancelle.yo.fr\/vitrine\/processus-inscription\/\" \/>\n<meta property=\"og:site_name\" content=\"La Ruche, cr\u00e8che parentale associative\" \/>\n<meta property=\"article:modified_time\" content=\"2026-02-27T08:19:40+00:00\" \/>\n<meta name=\"twitter:card\" content=\"summary_large_image\" \/>\n<meta name=\"twitter:label1\" content=\"Est. reading time\" \/>\n\t<meta name=\"twitter:data1\" content=\"3 minutes\" \/>\n<script type=\"application\/ld+json\" class=\"yoast-schema-graph\">{\"@context\":\"https:\/\/schema.org\",\"@graph\":[{\"@type\":\"WebPage\",\"@id\":\"https:\/\/labalancelle.yo.fr\/vitrine\/processus-inscription\/\",\"url\":\"https:\/\/labalancelle.yo.fr\/vitrine\/processus-inscription\/\",\"name\":\"Processus d'inscription - La Ruche, cr\u00e8che parentale associative\",\"isPartOf\":{\"@id\":\"https:\/\/labalancelle.yo.fr\/vitrine\/#website\"},\"datePublished\":\"2024-01-14T13:26:56+00:00\",\"dateModified\":\"2026-02-27T08:19:40+00:00\",\"description\":\"Tous savoir sur le processus d'inscription permettant de rejoindre notre cr\u00e8che associative et parentale !\",\"breadcrumb\":{\"@id\":\"https:\/\/labalancelle.yo.fr\/vitrine\/processus-inscription\/#breadcrumb\"},\"inLanguage\":\"en-US\",\"potentialAction\":[{\"@type\":\"ReadAction\",\"target\":[\"https:\/\/labalancelle.yo.fr\/vitrine\/processus-inscription\/\"]}]},{\"@type\":\"BreadcrumbList\",\"@id\":\"https:\/\/labalancelle.yo.fr\/vitrine\/processus-inscription\/#breadcrumb\",\"itemListElement\":[{\"@type\":\"ListItem\",\"position\":1,\"name\":\"Home\",\"item\":\"https:\/\/labalancelle.yo.fr\/vitrine\/\"},{\"@type\":\"ListItem\",\"position\":2,\"name\":\"Processus d&#8217;inscription\"}]},{\"@type\":\"WebSite\",\"@id\":\"https:\/\/labalancelle.yo.fr\/vitrine\/#website\",\"url\":\"https:\/\/labalancelle.yo.fr\/vitrine\/\",\"name\":\"La Ruche, cr\u00e8che parentale associative\",\"description\":\"Cr\u00e8che associative \u00e0 gestion et participation parentale\",\"potentialAction\":[{\"@type\":\"SearchAction\",\"target\":{\"@type\":\"EntryPoint\",\"urlTemplate\":\"https:\/\/labalancelle.yo.fr\/vitrine\/?s={search_term_string}\"},\"query-input\":{\"@type\":\"PropertyValueSpecification\",\"valueRequired\":true,\"valueName\":\"search_term_string\"}}],\"inLanguage\":\"en-US\"}]}<\/script>\n<!-- \/ Yoast SEO plugin. -->","yoast_head_json":{"title":"Processus d'inscription - La Ruche, cr\u00e8che parentale associative","description":"Tous savoir sur le processus d'inscription permettant de rejoindre notre cr\u00e8che associative et parentale !","robots":{"index":"index","follow":"follow","max-snippet":"max-snippet:-1","max-image-preview":"max-image-preview:large","max-video-preview":"max-video-preview:-1"},"canonical":"https:\/\/labalancelle.yo.fr\/vitrine\/processus-inscription\/","og_locale":"en_US","og_type":"article","og_title":"Processus d'inscription - La Ruche, cr\u00e8che parentale associative","og_description":"Tous savoir sur le processus d'inscription permettant de rejoindre notre cr\u00e8che associative et parentale !","og_url":"https:\/\/labalancelle.yo.fr\/vitrine\/processus-inscription\/","og_site_name":"La Ruche, cr\u00e8che parentale associative","article_modified_time":"2026-02-27T08:19:40+00:00","twitter_card":"summary_large_image","twitter_misc":{"Est. reading time":"3 minutes"},"schema":{"@context":"https:\/\/schema.org","@graph":[{"@type":"WebPage","@id":"https:\/\/labalancelle.yo.fr\/vitrine\/processus-inscription\/","url":"https:\/\/labalancelle.yo.fr\/vitrine\/processus-inscription\/","name":"Processus d'inscription - La Ruche, cr\u00e8che parentale associative","isPartOf":{"@id":"https:\/\/labalancelle.yo.fr\/vitrine\/#website"},"datePublished":"2024-01-14T13:26:56+00:00","dateModified":"2026-02-27T08:19:40+00:00","description":"Tous savoir sur le processus d'inscription permettant de rejoindre notre cr\u00e8che associative et parentale !","breadcrumb":{"@id":"https:\/\/labalancelle.yo.fr\/vitrine\/processus-inscription\/#breadcrumb"},"inLanguage":"en-US","potentialAction":[{"@type":"ReadAction","target":["https:\/\/labalancelle.yo.fr\/vitrine\/processus-inscription\/"]}]},{"@type":"BreadcrumbList","@id":"https:\/\/labalancelle.yo.fr\/vitrine\/processus-inscription\/#breadcrumb","itemListElement":[{"@type":"ListItem","position":1,"name":"Home","item":"https:\/\/labalancelle.yo.fr\/vitrine\/"},{"@type":"ListItem","position":2,"name":"Processus d&#8217;inscription"}]},{"@type":"WebSite","@id":"https:\/\/labalancelle.yo.fr\/vitrine\/#website","url":"https:\/\/labalancelle.yo.fr\/vitrine\/","name":"La Ruche, cr\u00e8che parentale associative","description":"Cr\u00e8che associative \u00e0 gestion et participation parentale","potentialAction":[{"@type":"SearchAction","target":{"@type":"EntryPoint","urlTemplate":"https:\/\/labalancelle.yo.fr\/vitrine\/?s={search_term_string}"},"query-input":{"@type":"PropertyValueSpecification","valueRequired":true,"valueName":"search_term_string"}}],"inLanguage":"en-US"}]}},"_links":{"self":[{"href":"https:\/\/labalancelle.yo.fr\/vitrine\/wp-json\/wp\/v2\/pages\/333","targetHints":{"allow":["GET"]}}],"collection":[{"href":"https:\/\/labalancelle.yo.fr\/vitrine\/wp-json\/wp\/v2\/pages"}],"about":[{"href":"https:\/\/labalancelle.yo.fr\/vitrine\/wp-json\/wp\/v2\/types\/page"}],"author":[{"embeddable":true,"href":"https:\/\/labalancelle.yo.fr\/vitrine\/wp-json\/wp\/v2\/users\/1"}],"replies":[{"embeddable":true,"href":"https:\/\/labalancelle.yo.fr\/vitrine\/wp-json\/wp\/v2\/comments?post=333"}],"version-history":[{"count":22,"href":"https:\/\/labalancelle.yo.fr\/vitrine\/wp-json\/wp\/v2\/pages\/333\/revisions"}],"predecessor-version":[{"id":827,"href":"https:\/\/labalancelle.yo.fr\/vitrine\/wp-json\/wp\/v2\/pages\/333\/revisions\/827"}],"wp:attachment":[{"href":"https:\/\/labalancelle.yo.fr\/vitrine\/wp-json\/wp\/v2\/media?parent=333"}],"curies":[{"name":"wp","href":"https:\/\/api.w.org\/{rel}","templated":true}]}}